{"id":1721,"date":"2017-11-08T09:15:19","date_gmt":"2017-11-08T08:15:19","guid":{"rendered":"http:\/\/www.fkasyl.de\/?page_id=1721"},"modified":"2025-11-16T15:49:21","modified_gmt":"2025-11-16T14:49:21","slug":"wichtige-internetadressen","status":"publish","type":"page","link":"https:\/\/www.fkasyl.de\/?page_id=1721","title":{"rendered":"Wichtige Webadressen"},"content":{"rendered":"\n<h6 class=\"wp-block-heading\">Hier finden Sie vor allem Links zu allgemeinen Informationen. Spezielle Links zu Deutschkursen u.a. finden Sie bei den entsprechenden Themen.<\/h6>\n\n\n\n<h4 class=\"wp-block-heading\"><strong>Die wichtigsten Informationen f\u00fc<\/strong><strong>r den Landkreis Ludwigsburg<\/strong><\/h4>\n\n\n\n<p><a href=\"http:\/\/www.gerlingen.de\"><strong>Stadt Gerlingen <\/strong><\/a>    Alles was es in Gerlingen gibt &#8211;<strong>  Beratung, Vereine, Kultur &#8230;  <a href=\"https:\/\/www.gerlingen.de\/-\/Lebenslagen\/einreise-und-aufenthaltstitel\/leb5000405\">Guter \u00dcberblick \u00fcber Asylrecht<\/a><\/strong>  <\/p>\n\n\n\n<p><strong><a href=\"http:\/\/landkreis-ludwigsburg.de\">Landratsamt Ludwigsburg<\/a> <\/strong>Wichtige Infos unter &#8222;Soziales und Familie&#8220;, <a href=\"https:\/\/jobcenter.landkreis-ludwigsburg.de\/\"><strong>Jobcenter<\/strong><\/a>, <strong><a href=\"https:\/\/www.fkasyl.de\/wp-content\/uploads\/2023\/03\/Anmeldung-ABH.pdf\">Ausl\u00e4nderbeh\u00f6rde<\/a><\/strong><\/p>\n\n\n\n<p><strong><a href=\"https:\/\/integreat-app.de\/\">Integreat App Plattform zur Integration<\/a><\/strong>   F\u00fcr Tablets oder Mobiltelefone kann sie f\u00fcr Ger\u00e4te mit dem Betriebssystem <a href=\"https:\/\/play.google.com\/store\/apps\/details?id=tuerantuer.app.integreat\" data-type=\"URL\" data-id=\"https:\/\/play.google.com\/store\/apps\/details?id=tuerantuer.app.integreat\"><strong>Android<\/strong><\/a> im \u201eGoogle Play Store\u201c oder f\u00fcr<a href=\"https:\/\/apps.apple.com\/de\/app\/integreat\/id1072353915?ign-mpt=uo%3D2\" data-type=\"URL\" data-id=\"https:\/\/apps.apple.com\/de\/app\/integreat\/id1072353915?ign-mpt=uo%3D2\"><strong> iOS Ger\u00e4te<\/strong><\/a> im \u201eApple App Store\u201c &nbsp;heruntergeladen und im Anschluss auch offline genutzt werden.<\/p>\n\n\n\n<p><strong><a href=\"http:\/\/www. wegweiser-beruf.de:\">www. wegweiser-beruf.de:<\/a><\/strong> Angebote im Landkreis Ludwigsburg zu Beratung, Bildung, Integration<\/p>\n\n\n\n<p><strong><a href=\"http:\/\/www.bildungsregion-landkreis-ludwigsburg.de\">www.bildungsregion-landkreis-ludwigsburg.de<\/a>:<\/strong> Hier k\u00f6nnen Sie sich \u00fcber unsere Aktivit\u00e4ten und Projekte f\u00fcr Kinder, Jugendliche und junge Erwachsene informieren!<\/p>\n\n\n\n<p><strong>Kreisdiakonie Ludwigsburg<\/strong><\/p>\n\n\n\n<h4 class=\"wp-block-heading\"><strong>\u00dcberregionale Websites und Informationen<\/strong><\/h4>\n\n\n\n<p><strong><a href=\"https:\/\/www.wegweiser-bw.de\/\">Wegweiser f\u00fcr neu zugezogene Eltern \/ Familien<\/a><\/strong> Elternstiftung Baden-W\u00fcrttemberg, gutes Material zu Schule und Bildung<\/p>\n\n\n\n<p><a href=\"http:\/\/www.bamf.de\/DE\/Startseite\/startseite-node.html\"><strong>BAMF&nbsp; Bundesamt f\u00fcr Migration und Fl\u00fcchtlinge<\/strong><\/a>:&nbsp; Alles Wichtige von aktuellen Erl\u00e4ssen bis zu Bildung<\/p>\n\n\n\n<p><strong><a href=\"https:\/\/www.youtube.com\/@asylnet1051\">Schulungsvideos zu Asylrecht<\/a><\/strong><\/p>\n\n\n\n<p><a href=\"https:\/\/www.deutschland-kann-das.de\/Webs\/DEKD\/DE\/Home\/home_node.html\" target=\"_blank\" rel=\"noopener noreferrer\"><strong>Bundesregierung: <\/strong><\/a><strong><a href=\"https:\/\/www.deutschland-kann-das.de\/Webs\/DEKD\/DE\/Home\/home_node.html\" target=\"_blank\" rel=\"noopener noreferrer\">Deutschland kann das:&nbsp;<\/a><\/strong>Die Seite der Bundesregierung bietet Portraits von Fl\u00fcchtlingen, stellt deutschlandweit Projekte vor und informiert \u00fcber die Politik der Bundesregierung.<\/p>\n\n\n\n<p><a href=\"http:\/\/sozialministerium.baden-wuerttemberg.de\/de\/integration\/\" target=\"_blank\" rel=\"noopener noreferrer\"><strong>Ministerum f\u00fcr Soziales und Integration Baden-W\u00fcrttemberg:<\/strong><\/a> Die Seite bietet Informationen f\u00fcr Kommunen, zur Interkulturellen \u00d6ffnung, zum Erwerbsleben,&nbsp; zur Integrationsforschung, Antidiskriminierung und vielem mehr.<\/p>\n\n\n\n<p><a rel=\"noopener noreferrer\" href=\"http:\/\/fluechtlingsrat-bw.de\/\" target=\"_blank\"><strong>Fl\u00fcchtlingsrat Baden-W\u00fcrttemberg:&nbsp;<\/strong><\/a>Der Fl\u00fcchtlingsrat \u2026 engagiert f\u00fcr Fl\u00fcchtlinge und eine menschliche Fl\u00fcchtlingspolitik. Auf dieser Website sind sehr viele und hilfreiche Informationen zu findenn eue Erl\u00e4sse und Gesetzt usw. .<\/p>\n\n\n\n<p><a href=\"https:\/\/www.asyl.net\/start\/\"><strong>Informationsverbund Asyl &amp; Migration<\/strong><\/a>&nbsp;&nbsp; Beteiligt sind z.B. Amnesty, AWO, Diakonie usw. Sehr gute Informationen \u00fcber neue Richtlinien, Urteile, Aufenthaltsrecht und alles Wichtige rund um das Thema<\/p>\n\n\n\n<p><a href=\"https:\/\/www.diakonie-wuerttemberg.de\" target=\"_blank\" rel=\"noopener noreferrer\"><strong>Diakonie Baden-W\u00fcrttemberg: <\/strong><\/a>Die Seite der Diakonie gibt zahlreiche Hinweise wie Menschen Fl\u00fcchtlingen helfen k\u00f6nnen, und bietet eine Vielzahl von Material zum Thema Fl\u00fcchtlinge.<\/p>\n\n\n\n<p><a href=\"http:\/\/www.lpb-bw.de\"><strong>Landeszentrale f\u00fcr politische Bildung<\/strong><\/a><\/p>\n\n\n\n<p><a href=\"http:\/\/www.staedtetag.de\"><strong>Deutscher St\u00e4dtetag:<\/strong><\/a> Beispiele f\u00fcr Projekte, gute L\u00f6sungen zur Integration in vielen St\u00e4dten<\/p>\n\n\n\n<p><a href=\"http:\/\/www.willkommen-bei-freunden.de\"><strong>Willkommen bei Freunden<\/strong><\/a> Infos, Vernetzung, <strong><a href=\"https:\/\/www.fkasyl.de\/wp-content\/uploads\/2019\/05\/Die-Willkommen-bei-Freunden-App_Einstellen-eines-neuen-Gesuches1.pdf\">App f\u00fcr Helfersuche&nbsp;<\/a><\/strong> gef\u00f6rdert vom Bund<\/p>\n\n\n\n<p><a href=\"http:\/\/www.polizei-beratung.de\"><strong>Polizei &#8211; Pr\u00e4vention &#8211; Beratung:<\/strong><\/a>&nbsp; Hier finden Sie eine extra Seite mit <a href=\"http:\/\/www.polizei-beratung.de\/startseite-und-aktionen\/informationen-fuer-zuwanderer\/\"><strong>\u201eInformationen f\u00fcr Zuwanderer\u201c<\/strong> <\/a>eingerichtet. Auf dieser Seite werden die von uns erarbeiteten ProPK-Medien f\u00fcr Zuwanderer kurz vorgestellt. Interessierte k\u00f6nnen die Medien von dort aus leicht aufrufen, bzw. herunterladen. Die Seite ist \u00fcber die Zielgruppennavigation unter dem Stichwort \u201eMigranten\u201c auf der Startseite von <a href=\"https:\/\/deref-gmx.net\/mail\/client\/h7IGss1yZMU\/dereferrer\/?redirectUrl=http%3A%2F%2Fwww.polizei-beratung.de\"><strong>www.polizei-beratung.de<\/strong><\/a> &nbsp;sowie unter der Rubrik \u201eAktionen &amp; Aktuelles\u201c unter dem Stichwort \u201eInformationen f\u00fcr Zuwanderer\u201c aufrufbar.<\/p>\n\n\n\n<p><a href=\"https:\/\/vorbildernetz.de\/\"><strong>VorbilderNetz:<\/strong><\/a> Akademien &#8211; Kostenlose Workshops f\u00fcr Sch\u00fclerInnen aus Fl\u00fcchtlingsfamilien<\/p>\n\n\n\n<h2 class=\"wp-block-heading\">Arbeit und Bildung<\/h2>\n\n\n\n<p><strong><a href=\"https:\/\/www.bildungstor.de\/\"><\/a><a href=\"https:\/\/www.bildungstor.de\"><strong>BildungsTor<\/strong><\/a>&nbsp; <\/strong>Hier finden Sie alle offiziellen Links aus den Bildungsbereichen Schule, Ausbildung, Studium und Erwachsenenbildung<\/p>\n\n\n\n<p><strong><a href=\"https:\/\/www.netzwerk-iq-bw.de\/de\/\"> IQ-Netzwerk<\/a><\/strong><\/p>\n\n\n\n<p><a href=\"https:\/\/www.jobb\u00f6rse.de\/refugees\/\"><strong>Jobb\u00f6rse f\u00fcr Fl\u00fcchtlinge<\/strong><\/a><\/p>\n\n\n\n<p><strong><a href=\"https:\/\/www.unternehmen-integrieren-fluechtlinge.de\/\">&nbsp;\u201eNetzwerk Unternehmen integrieren Fl\u00fcchtlinge\u201c<\/a><\/strong><\/p>\n\n\n\n<p><a href=\"http:\/\/www.starkimberuf.de\/\"><strong>\u201eStark im Beruf\u201c<\/strong><\/a> Projekt f\u00fcr Frauen des Bundesministeriums f\u00fcr Familie, Frauen<\/p>\n\n\n\n<p><strong><a rel=\"noreferrer noopener\" href=\"http:\/\/www.biknetz.de\/\" target=\"_blank\">www.biknetz.de\/<\/a><\/strong><\/p>\n\n\n\n<p><strong><a href=\"https:\/\/www.social-bee.de\/\">www.social-bee.de<\/a><\/strong>    Arbeit und Bildung , auch speziell f\u00fcr Gefl\u00fcchtete<\/p>\n","protected":false},"excerpt":{"rendered":"<p>Hier finden Sie vor allem Links zu allgemeinen Informationen. Spezielle Links zu Deutschkursen u.a. finden Sie bei den entsprechenden Themen. [&hellip;]<\/p>\n","protected":false},"author":16,"featured_media":0,"parent":0,"menu_order":0,"comment_status":"closed","ping_status":"closed","template":"page-fullwidth","meta":{"ngg_post_thumbnail":0,"footnotes":""},"class_list":["post-1721","page","type-page","status-publish","hentry"],"_links":{"self":[{"href":"https:\/\/www.fkasyl.de\/index.php?rest_route=\/wp\/v2\/pages\/1721","targetHints":{"allow":["GET"]}}],"collection":[{"href":"https:\/\/www.fkasyl.de\/index.php?rest_route=\/wp\/v2\/pages"}],"about":[{"href":"https:\/\/www.fkasyl.de\/index.php?rest_route=\/wp\/v2\/types\/page"}],"author":[{"embeddable":true,"href":"https:\/\/www.fkasyl.de\/index.php?rest_route=\/wp\/v2\/users\/16"}],"replies":[{"embeddable":true,"href":"https:\/\/www.fkasyl.de\/index.php?rest_route=%2Fwp%2Fv2%2Fcomments&post=1721"}],"version-history":[{"count":43,"href":"https:\/\/www.fkasyl.de\/index.php?rest_route=\/wp\/v2\/pages\/1721\/revisions"}],"predecessor-version":[{"id":4982,"href":"https:\/\/www.fkasyl.de\/index.php?rest_route=\/wp\/v2\/pages\/1721\/revisions\/4982"}],"wp:attachment":[{"href":"https:\/\/www.fkasyl.de\/index.php?rest_route=%2Fwp%2Fv2%2Fmedia&parent=1721"}],"curies":[{"name":"wp","href":"https:\/\/api.w.org\/{rel}","templated":true}]}}